{"id":14735,"date":"2024-12-30T07:46:47","date_gmt":"2024-12-30T07:46:47","guid":{"rendered":"https:\/\/www.peregrino.online\/via-de-la-plata\/"},"modified":"2026-04-04T06:20:59","modified_gmt":"2026-04-04T06:20:59","slug":"via-de-la-plata","status":"publish","type":"page","link":"https:\/\/www.peregrino.online\/de\/via-de-la-plata\/","title":{"rendered":"Via de la Plata"},"content":{"rendered":"<div id=\"pl-14735\"  class=\"panel-layout\" ><div id=\"pg-14735-0\"  class=\"panel-grid panel-no-style\" ><div id=\"pgc-14735-0-0\"  class=\"panel-grid-cell\" ><div id=\"panel-14735-0-0-0\" class=\"so-panel widget widget_sow-editor panel-first-child\" data-index=\"0\" ><div\n\t\t\t\n\t\t\tclass=\"so-widget-sow-editor so-widget-sow-editor-base\"\n\t\t\t\n\t\t>\n<div class=\"siteorigin-widget-tinymce textwidget\">\n\t<p>&nbsp;<\/p>\n<h2 class=\"etapa-heading\">V\u00eda de la Plata \u2013 Vollst\u00e4ndiger Leitfaden, Etappen, Distanzen und Planung<\/h2>\n<\/div>\n<\/div><\/div><div id=\"panel-14735-0-0-1\" class=\"so-panel widget widget_sow-editor panel-last-child\" data-index=\"1\" ><div\n\t\t\t\n\t\t\tclass=\"so-widget-sow-editor so-widget-sow-editor-base\"\n\t\t\t\n\t\t>\n<div class=\"siteorigin-widget-tinymce textwidget\">\n\t<p><img loading=\"lazy\" decoding=\"async\" class=\"aligncenter wp-image-42402 size-full\" src=\"https:\/\/www.peregrino.online\/wp-content\/uploads\/2026\/01\/grpantallainicio.jpg\" alt=\"\" width=\"600\" height=\"600\" srcset=\"https:\/\/www.peregrino.online\/wp-content\/uploads\/2026\/01\/grpantallainicio.jpg 600w, https:\/\/www.peregrino.online\/wp-content\/uploads\/2026\/01\/grpantallainicio-300x300.jpg 300w, https:\/\/www.peregrino.online\/wp-content\/uploads\/2026\/01\/grpantallainicio-150x150.jpg 150w\" sizes=\"auto, (max-width: 600px) 100vw, 600px\" \/><\/p>\n<h2 style=\"text-align: center;\">Etappen der V\u00eda de la Plata<\/h2>\n<\/div>\n<\/div><\/div><\/div><\/div><div id=\"pg-14735-1\"  class=\"panel-grid panel-no-style\" ><div id=\"pgc-14735-1-0\"  class=\"panel-grid-cell\" ><div id=\"panel-14735-1-0-0\" class=\"so-panel widget widget_sow-editor panel-first-child panel-last-child\" data-index=\"2\" ><div\n\t\t\t\n\t\t\tclass=\"so-widget-sow-editor so-widget-sow-editor-base\"\n\t\t\t\n\t\t>\n<div class=\"siteorigin-widget-tinymce textwidget\">\n\t<p>&nbsp;<\/p>\n<h3 style=\"text-align: center;\"><a href=\"https:\/\/www.peregrino.online\/de\/silberstrase\/etapas\/1-sevilla-guillena\/\">1.Sevilla-Guillena<\/a><\/h3>\n<div style=\"text-align: center;\"><a href=\"https:\/\/www.peregrino.online\/de\/silberstrase\/etapas\/1-sevilla-guillena\/\"><br \/>\n<img decoding=\"async\" style=\"width: 300px; height: 145px;\" src=\"https:\/\/peregrino.online\/camino-de-santiago\/via-de-la-plata\/fotos\/Perfiles\/1perfilsevillaguillena.jpg\" alt=\"Etappe 1 Sevilla Guillena V\u00eda de la Plata\"><br \/>\n<\/a><\/div>\n<\/div>\n<\/div><\/div><\/div><div id=\"pgc-14735-1-1\"  class=\"panel-grid-cell\" ><div id=\"panel-14735-1-1-0\" class=\"so-panel widget widget_sow-editor panel-first-child panel-last-child\" data-index=\"3\" ><div\n\t\t\t\n\t\t\tclass=\"so-widget-sow-editor so-widget-sow-editor-base\"\n\t\t\t\n\t\t>\n<div class=\"siteorigin-widget-tinymce textwidget\">\n\t<p>&nbsp;<\/p>\n<h3 style=\"text-align: center;\"><a href=\"https:\/\/www.peregrino.online\/de\/silberstrase\/etapas\/2-guillena-castilblanco\/\">2.Guillena-Castilblanco<\/a><\/h3>\n<div style=\"text-align: center;\"><a href=\"https:\/\/www.peregrino.online\/de\/silberstrase\/etapas\/2-guillena-castilblanco\/\"><br \/>\n<img decoding=\"async\" style=\"width: 300px; height: 145px;\" src=\"https:\/\/peregrino.online\/camino-de-santiago\/via-de-la-plata\/fotos\/Perfiles\/2perfilguilenacastilblanco.jpg\" alt=\"Etappe 2 Guillena Castilblanco V\u00eda de la Plata\"><br \/>\n<\/a><\/div>\n<\/div>\n<\/div><\/div><\/div><div id=\"pgc-14735-1-2\"  class=\"panel-grid-cell\" ><div id=\"panel-14735-1-2-0\" class=\"so-panel widget widget_sow-editor panel-first-child panel-last-child\" data-index=\"4\" ><div\n\t\t\t\n\t\t\tclass=\"so-widget-sow-editor so-widget-sow-editor-base\"\n\t\t\t\n\t\t>\n<div class=\"siteorigin-widget-tinymce textwidget\">\n\t<p>&nbsp;<\/p>\n<h3 style=\"text-align: center;\"><a href=\"https:\/\/www.peregrino.online\/de\/silberstrase\/etapas\/3-castilblanco-almaden-de-la-plata\/\">3.Castilblanco-Almaden<\/a><\/h3>\n<h3 style=\"text-align: center;\"><\/h3>\n<div style=\"text-align: center;\"><a href=\"https:\/\/www.peregrino.online\/de\/silberstrase\/etapas\/3-castilblanco-almaden-de-la-plata\/\"><br \/>\n<img decoding=\"async\" style=\"width: 300px; height: 145px;\" src=\"https:\/\/peregrino.online\/camino-de-santiago\/via-de-la-plata\/fotos\/Perfiles\/3perfilcastilblancoalmaden.jpg\" alt=\"Etappe 3 Castilblanco Almaden V\u00eda de la Plata\"><br \/>\n<\/a><\/div>\n<\/div>\n<\/div><\/div><\/div><\/div><div id=\"pg-14735-2\"  class=\"panel-grid panel-no-style\" ><div id=\"pgc-14735-2-0\"  class=\"panel-grid-cell\" ><div id=\"panel-14735-2-0-0\" class=\"so-panel widget widget_sow-editor panel-first-child panel-last-child\" data-index=\"5\" ><div\n\t\t\t\n\t\t\tclass=\"so-widget-sow-editor so-widget-sow-editor-base\"\n\t\t\t\n\t\t>\n<div class=\"siteorigin-widget-tinymce textwidget\">\n\t<p>&nbsp;<\/p>\n<h3 style=\"text-align: center;\">&nbsp; &nbsp;&nbsp;<a href=\"https:\/\/www.peregrino.online\/de\/silberstrase\/etapas\/4-almaden-el-real-de-la-jara\/\">4.Almaden-El Real der Jara<\/a><\/h3>\n<div style=\"text-align: center;\"><a href=\"https:\/\/www.peregrino.online\/de\/silberstrase\/etapas\/4-almaden-el-real-de-la-jara\/\"><br \/>\n<img decoding=\"async\" style=\"width: 300px; height: 145px;\" src=\"https:\/\/peregrino.online\/camino-de-santiago\/via-de-la-plata\/fotos\/Perfiles\/4perfilalmadenelrealdelajara.jpg\" alt=\"Etappe 4 Almaden El Real de la Jara V\u00eda de la Plata\"><br \/>\n<\/a><\/div>\n<\/div>\n<\/div><\/div><\/div><div id=\"pgc-14735-2-1\"  class=\"panel-grid-cell\" ><div id=\"panel-14735-2-1-0\" class=\"so-panel widget widget_sow-editor panel-first-child panel-last-child\" data-index=\"6\" ><div\n\t\t\t\n\t\t\tclass=\"so-widget-sow-editor so-widget-sow-editor-base\"\n\t\t\t\n\t\t>\n<div class=\"siteorigin-widget-tinymce textwidget\">\n\t<p>&nbsp;<\/p>\n<h3 style=\"text-align: center;\"><a href=\"https:\/\/www.peregrino.online\/de\/silberstrase\/etapas\/5-el-real-de-la-jara-monesterio\/\">5.El Real de la Jara-Monesterio<\/a><\/h3>\n<div style=\"text-align: center;\"><a href=\"https:\/\/www.peregrino.online\/de\/silberstrase\/etapas\/5-el-real-de-la-jara-monesterio\/\"><br \/>\n<img decoding=\"async\" style=\"width: 300px; height: 145px;\" src=\"https:\/\/peregrino.online\/camino-de-santiago\/via-de-la-plata\/fotos\/Perfiles\/5perfilelrealmonesterio.jpg\" alt=\"Etappe 5 El Real de la Jara Monesterio V\u00eda de la Plata\"><br \/>\n<\/a><\/div>\n<\/div>\n<\/div><\/div><\/div><div id=\"pgc-14735-2-2\"  class=\"panel-grid-cell\" ><div id=\"panel-14735-2-2-0\" class=\"so-panel widget widget_sow-editor panel-first-child panel-last-child\" data-index=\"7\" ><div\n\t\t\t\n\t\t\tclass=\"so-widget-sow-editor so-widget-sow-editor-base\"\n\t\t\t\n\t\t>\n<div class=\"siteorigin-widget-tinymce textwidget\">\n\t<p>&nbsp;<\/p>\n<h3 style=\"text-align: center;\"><a href=\"https:\/\/www.peregrino.online\/de\/silberstrase\/etapas\/6-monesterio-fuente-de-cantos\/\">6.Monesterio\u2013Fuente de Cantos<\/a><\/h3>\n<h3 style=\"text-align: center;\"><\/h3>\n<div style=\"text-align: center;\"><a href=\"https:\/\/www.peregrino.online\/de\/silberstrase\/etapas\/6-monesterio-fuente-de-cantos\/\"><br \/>\n<img decoding=\"async\" style=\"width: 300px; height: 145px;\" src=\"https:\/\/peregrino.online\/camino-de-santiago\/via-de-la-plata\/fotos\/Perfiles\/6perfilmonesteriofuentedecantos.jpg\" alt=\"Etappe 6 Monesterio Fuente de Cantos V\u00eda de la Plata\"><br \/>\n<\/a><\/div>\n<\/div>\n<\/div><\/div><\/div><\/div><div id=\"pg-14735-3\"  class=\"panel-grid panel-no-style\" ><div id=\"pgc-14735-3-0\"  class=\"panel-grid-cell\" ><div id=\"panel-14735-3-0-0\" class=\"so-panel widget widget_sow-editor panel-first-child panel-last-child\" data-index=\"8\" ><div\n\t\t\t\n\t\t\tclass=\"so-widget-sow-editor so-widget-sow-editor-base\"\n\t\t\t\n\t\t>\n<div class=\"siteorigin-widget-tinymce textwidget\">\n\t<p>&nbsp;<\/p>\n<h3 style=\"text-align: center;\"><a href=\"https:\/\/www.peregrino.online\/de\/silberstrase\/etapas\/7-fuentes-de-cantos-zafra\/\">&nbsp; &nbsp; &nbsp;7. Fuentes de Cantos \u2013&nbsp; &nbsp; &nbsp;Zafra<\/a><\/h3>\n<div style=\"text-align: center;\"><a href=\"https:\/\/www.peregrino.online\/de\/silberstrase\/etapas\/7-fuentes-de-cantos-zafra\/\"><br \/>\n<img decoding=\"async\" style=\"width: 300px; height: 145px;\" src=\"https:\/\/peregrino.online\/camino-de-santiago\/via-de-la-plata\/fotos\/Perfiles\/7perfilfuentedecantoszafra.jpg\" alt=\"Etappe 7 Fuente de Cantos Zafra V\u00eda de la Plata\"><br \/>\n<\/a><\/div>\n<\/div>\n<\/div><\/div><\/div><div id=\"pgc-14735-3-1\"  class=\"panel-grid-cell\" ><div id=\"panel-14735-3-1-0\" class=\"so-panel widget widget_sow-editor panel-first-child panel-last-child\" data-index=\"9\" ><div\n\t\t\t\n\t\t\tclass=\"so-widget-sow-editor so-widget-sow-editor-base\"\n\t\t\t\n\t\t>\n<div class=\"siteorigin-widget-tinymce textwidget\">\n\t<p>&nbsp;<\/p>\n<h3 style=\"text-align: center;\"><a href=\"https:\/\/www.peregrino.online\/de\/silberstrase\/etapas\/8-zafra-villafranca-de-los-barros\/\">8.Zafra-Villafranca de los Barros<\/a><\/h3>\n<div style=\"text-align: center;\"><a href=\"https:\/\/www.peregrino.online\/de\/silberstrase\/etapas\/8-zafra-villafranca-de-los-barros\/\"><br \/>\n<img decoding=\"async\" style=\"width: 300px; height: 145px;\" src=\"https:\/\/peregrino.online\/camino-de-santiago\/via-de-la-plata\/fotos\/Perfiles\/8perfilzafravillafranca.jpg\" alt=\"Etappe 8 Zafra Villafranca de los Barros V\u00eda de la Plata\"><br \/>\n<\/a><\/div>\n<\/div>\n<\/div><\/div><\/div><div id=\"pgc-14735-3-2\"  class=\"panel-grid-cell\" ><div id=\"panel-14735-3-2-0\" class=\"so-panel widget widget_sow-editor panel-first-child panel-last-child\" data-index=\"10\" ><div\n\t\t\t\n\t\t\tclass=\"so-widget-sow-editor so-widget-sow-editor-base\"\n\t\t\t\n\t\t>\n<div class=\"siteorigin-widget-tinymce textwidget\">\n\t<p>&nbsp;<\/p>\n<h3 style=\"text-align: center;\"> <a href=\"https:\/\/www.peregrino.online\/de\/silberstrase\/etapas\/9-villafranca-torremejia\/\">&nbsp; &nbsp; &nbsp; &nbsp; &nbsp; 9.Villafranca - &nbsp; &nbsp; &nbsp; &nbsp; &nbsp;<\/a><a href=\"https:\/\/www.peregrino.online\/de\/silberstrase\/etapas\/9-villafranca-torremejia\/\">Torremejia<\/a><\/h3>\n<h3 style=\"text-align: center;\"><\/h3>\n<div style=\"text-align: center;\"><a href=\"https:\/\/www.peregrino.online\/de\/silberstrase\/etapas\/9-villafranca-torremejia\/\"><br \/>\n<img decoding=\"async\" style=\"width: 300px; height: 145px;\" src=\"https:\/\/peregrino.online\/camino-de-santiago\/via-de-la-plata\/fotos\/Perfiles\/9perfilvillafrancatorremejia.jpg\" alt=\"Etappe 9 Villafranca Torremejia V\u00eda de la Plata\"><br \/>\n<\/a><\/div>\n<\/div>\n<\/div><\/div><\/div><\/div><div id=\"pg-14735-4\"  class=\"panel-grid panel-no-style\" ><div id=\"pgc-14735-4-0\"  class=\"panel-grid-cell\" ><div id=\"panel-14735-4-0-0\" class=\"so-panel widget widget_sow-editor panel-first-child panel-last-child\" data-index=\"11\" ><div\n\t\t\t\n\t\t\tclass=\"so-widget-sow-editor so-widget-sow-editor-base\"\n\t\t\t\n\t\t>\n<div class=\"siteorigin-widget-tinymce textwidget\">\n\t<p>&nbsp;<\/p>\n<h3 style=\"text-align: center;\"><a href=\"https:\/\/www.peregrino.online\/de\/silberstrase\/etapas\/10-torremejia-merida\/\">&nbsp;10.Torremej\u00eda\u2013M\u00e9rida<\/a><\/h3>\n<div style=\"text-align: center;\"><a href=\"https:\/\/www.peregrino.online\/de\/silberstrase\/etapas\/10-torremejia-merida\/\"><br \/>\n<img decoding=\"async\" style=\"width: 300px; height: 145px;\" src=\"https:\/\/peregrino.online\/camino-de-santiago\/via-de-la-plata\/fotos\/Perfiles\/10perfiltorremeniamerida.jpg\" alt=\"Etappe 10 Torremejia M\u00e9rida V\u00eda de la Plata\"><br \/>\n<\/a><\/div>\n<\/div>\n<\/div><\/div><\/div><div id=\"pgc-14735-4-1\"  class=\"panel-grid-cell\" ><div id=\"panel-14735-4-1-0\" class=\"so-panel widget widget_sow-editor panel-first-child panel-last-child\" data-index=\"12\" ><div\n\t\t\t\n\t\t\tclass=\"so-widget-sow-editor so-widget-sow-editor-base\"\n\t\t\t\n\t\t>\n<div class=\"siteorigin-widget-tinymce textwidget\">\n\t<p>&nbsp;<\/p>\n<h3 style=\"text-align: center;\"><a href=\"https:\/\/www.peregrino.online\/de\/silberstrase\/etapas\/11-merida-aljucen\/\">11.M\u00e9rida\u2013Aljuc\u00e9n<\/a><\/h3>\n<div style=\"text-align: center;\"><a href=\"https:\/\/www.peregrino.online\/de\/silberstrase\/etapas\/11-merida-aljucen\/\"><br \/>\n<img decoding=\"async\" style=\"width: 300px; height: 145px;\" src=\"https:\/\/peregrino.online\/camino-de-santiago\/via-de-la-plata\/fotos\/Perfiles\/11perfilmeridaaljucen.jpg\" alt=\"Etappe 11 M\u00e9rida Aljuc\u00e9n V\u00eda de la Plata\"><br \/>\n<\/a><\/div>\n<\/div>\n<\/div><\/div><\/div><div id=\"pgc-14735-4-2\"  class=\"panel-grid-cell\" ><div id=\"panel-14735-4-2-0\" class=\"so-panel widget widget_sow-editor panel-first-child panel-last-child\" data-index=\"13\" ><div\n\t\t\t\n\t\t\tclass=\"so-widget-sow-editor so-widget-sow-editor-base\"\n\t\t\t\n\t\t>\n<div class=\"siteorigin-widget-tinymce textwidget\">\n\t<p>&nbsp;<\/p>\n<h3 style=\"text-align: center;\"><a href=\"https:\/\/www.peregrino.online\/de\/silberstrase\/etapas\/12-aljucen-alcuescar\/\">12.Aljuc\u00e9n\u2013Alcu\u00e9scar<\/a><\/h3>\n<h3 style=\"text-align: center;\"><\/h3>\n<div style=\"text-align: center;\"><a href=\"https:\/\/www.peregrino.online\/de\/silberstrase\/etapas\/12-aljucen-alcuescar\/\"><br \/>\n<img decoding=\"async\" style=\"width: 300px; height: 145px;\" src=\"https:\/\/peregrino.online\/camino-de-santiago\/via-de-la-plata\/fotos\/Perfiles\/12perfilaljucenalcuescar.jpg\" alt=\"Etappe 12 Aljuc\u00e9n Alcu\u00e9scar V\u00eda de la Plata\"><br \/>\n<\/a><\/div>\n<\/div>\n<\/div><\/div><\/div><\/div><div id=\"pg-14735-5\"  class=\"panel-grid panel-no-style\" ><div id=\"pgc-14735-5-0\"  class=\"panel-grid-cell\" ><div id=\"panel-14735-5-0-0\" class=\"so-panel widget widget_sow-editor panel-first-child panel-last-child\" data-index=\"14\" ><div\n\t\t\t\n\t\t\tclass=\"so-widget-sow-editor so-widget-sow-editor-base\"\n\t\t\t\n\t\t>\n<div class=\"siteorigin-widget-tinymce textwidget\">\n\t<p>&nbsp;<\/p>\n<h3 style=\"text-align: center;\"><a href=\"https:\/\/www.peregrino.online\/de\/silberstrase\/etapas\/13-alcuescar-valdesalor\/\">13.Alcu\u00e9scar\u2013Valdesalor<\/a><\/h3>\n<div style=\"text-align: center;\"><a href=\"https:\/\/www.peregrino.online\/de\/silberstrase\/etapas\/13-alcuescar-valdesalor\/\"><br \/>\n<img decoding=\"async\" style=\"width: 300px; height: 145px;\" src=\"https:\/\/peregrino.online\/camino-de-santiago\/via-de-la-plata\/fotos\/Perfiles\/13perfilalcuescarvaldesalor.jpg\" alt=\"Etappe 13 Alcu\u00e9scar Valdesalor V\u00eda de la Plata\"><br \/>\n<\/a><\/div>\n<\/div>\n<\/div><\/div><\/div><div id=\"pgc-14735-5-1\"  class=\"panel-grid-cell\" ><div id=\"panel-14735-5-1-0\" class=\"so-panel widget widget_sow-editor panel-first-child panel-last-child\" data-index=\"15\" ><div\n\t\t\t\n\t\t\tclass=\"so-widget-sow-editor so-widget-sow-editor-base\"\n\t\t\t\n\t\t>\n<div class=\"siteorigin-widget-tinymce textwidget\">\n\t<p>&nbsp;<\/p>\n<h3 style=\"text-align: center;\"><a href=\"https:\/\/www.peregrino.online\/de\/silberstrase\/etapas\/14-valdesalor-casar-de-caceres\/\">14.Valdesalor\u2013Casar<\/a><\/h3>\n<div style=\"text-align: center;\"><a href=\"https:\/\/www.peregrino.online\/de\/silberstrase\/etapas\/14-valdesalor-casar-de-caceres\/\"><br \/>\n<img decoding=\"async\" style=\"width: 300px; height: 145px;\" src=\"https:\/\/peregrino.online\/camino-de-santiago\/via-de-la-plata\/fotos\/Perfiles\/14perfilvaldesalorcasardecaceres.jpg\" alt=\"Etappe 14 Valdesalor Casar de C\u00e1ceres V\u00eda de la Plata\"><br \/>\n<\/a><\/div>\n<\/div>\n<\/div><\/div><\/div><div id=\"pgc-14735-5-2\"  class=\"panel-grid-cell\" ><div id=\"panel-14735-5-2-0\" class=\"so-panel widget widget_sow-editor panel-first-child panel-last-child\" data-index=\"16\" ><div\n\t\t\t\n\t\t\tclass=\"so-widget-sow-editor so-widget-sow-editor-base\"\n\t\t\t\n\t\t>\n<div class=\"siteorigin-widget-tinymce textwidget\">\n\t<p>&nbsp;<\/p>\n<h3 style=\"text-align: center;\"><a href=\"https:\/\/www.peregrino.online\/de\/silberstrase\/etapas\/15-casar-de-caceres-canaveral\/\">15.Casar\u2013Ca\u00f1averal<\/a><\/h3>\n<h3 style=\"text-align: center;\"><\/h3>\n<div style=\"text-align: center;\"><a href=\"https:\/\/www.peregrino.online\/de\/silberstrase\/etapas\/15-casar-de-caceres-canaveral\/\"><br \/>\n<img decoding=\"async\" style=\"width: 300px; height: 145px;\" src=\"https:\/\/peregrino.online\/camino-de-santiago\/via-de-la-plata\/fotos\/Perfiles\/15casardecacerescanaveral.jpg\" alt=\"Etappe 15 Casar Ca\u00f1averal V\u00eda de la Plata\"><br \/>\n<\/a><\/div>\n<\/div>\n<\/div><\/div><\/div><\/div><div id=\"pg-14735-6\"  class=\"panel-grid panel-no-style\" ><div id=\"pgc-14735-6-0\"  class=\"panel-grid-cell\" ><div id=\"panel-14735-6-0-0\" class=\"so-panel widget widget_sow-editor panel-first-child panel-last-child\" data-index=\"17\" ><div\n\t\t\t\n\t\t\tclass=\"so-widget-sow-editor so-widget-sow-editor-base\"\n\t\t\t\n\t\t>\n<div class=\"siteorigin-widget-tinymce textwidget\">\n\t<p>&nbsp;<\/p>\n<h3 style=\"text-align: center;\"><a href=\"https:\/\/www.peregrino.online\/de\/silberstrase\/etapas\/16-canaveral-galisteo\/\">16.Ca\u00f1averal\u2013Galisteo<\/a><\/h3>\n<div style=\"text-align: center;\"><a href=\"https:\/\/www.peregrino.online\/de\/silberstrase\/etapas\/16-canaveral-galisteo\/\"><br \/>\n<img decoding=\"async\" style=\"width: 300px; height: 145px;\" src=\"https:\/\/peregrino.online\/camino-de-santiago\/via-de-la-plata\/fotos\/Perfiles\/16canaveralgalisteo.jpg\" alt=\"Etappe 16 Ca\u00f1averal Galisteo V\u00eda de la Plata\"><br \/>\n<\/a><\/div>\n<\/div>\n<\/div><\/div><\/div><div id=\"pgc-14735-6-1\"  class=\"panel-grid-cell\" ><div id=\"panel-14735-6-1-0\" class=\"so-panel widget widget_sow-editor panel-first-child panel-last-child\" data-index=\"18\" ><div\n\t\t\t\n\t\t\tclass=\"so-widget-sow-editor so-widget-sow-editor-base\"\n\t\t\t\n\t\t>\n<div class=\"siteorigin-widget-tinymce textwidget\">\n\t<p>&nbsp;<\/p>\n<h3 style=\"text-align: center;\"><a href=\"https:\/\/www.peregrino.online\/de\/silberstrase\/etapas\/17-galisteo-carcaboso\/\">17.Galisteo\u2013Carcaboso<\/a><\/h3>\n<div style=\"text-align: center;\"><a href=\"https:\/\/www.peregrino.online\/de\/silberstrase\/etapas\/17-galisteo-carcaboso\/\"><br \/>\n<img decoding=\"async\" style=\"width: 300px; height: 145px;\" src=\"https:\/\/peregrino.online\/camino-de-santiago\/via-de-la-plata\/fotos\/Perfiles\/17galisteocarcaboso.jpg\" alt=\"Etappe 17 Galisteo Carcaboso V\u00eda de la Plata\"><br \/>\n<\/a><\/div>\n<\/div>\n<\/div><\/div><\/div><div id=\"pgc-14735-6-2\"  class=\"panel-grid-cell\" ><div id=\"panel-14735-6-2-0\" class=\"so-panel widget widget_sow-editor panel-first-child panel-last-child\" data-index=\"19\" ><div\n\t\t\t\n\t\t\tclass=\"so-widget-sow-editor so-widget-sow-editor-base\"\n\t\t\t\n\t\t>\n<div class=\"siteorigin-widget-tinymce textwidget\">\n\t<p>&nbsp;<\/p>\n<h3 style=\"text-align: center;\"><a href=\"https:\/\/www.peregrino.online\/de\/silberstrase\/etapas\/18-carcaboso-aldeanueva\/\">18.Carcaboso\u2013Aldeanueva<\/a><\/h3>\n<h3 style=\"text-align: center;\"><\/h3>\n<div style=\"text-align: center;\"><a href=\"https:\/\/www.peregrino.online\/de\/silberstrase\/etapas\/18-carcaboso-aldeanueva\/\"><br \/>\n<img decoding=\"async\" style=\"width: 300px; height: 145px;\" src=\"https:\/\/peregrino.online\/camino-de-santiago\/via-de-la-plata\/fotos\/Perfiles\/18carcabosaldeanujeva.jpg\" alt=\"Etappe 18 Carcaboso Aldeanueva V\u00eda de la Plata\"><br \/>\n<\/a><\/div>\n<\/div>\n<\/div><\/div><\/div><\/div><div id=\"pg-14735-7\"  class=\"panel-grid panel-no-style\" ><div id=\"pgc-14735-7-0\"  class=\"panel-grid-cell\" ><div id=\"panel-14735-7-0-0\" class=\"so-panel widget widget_sow-editor panel-first-child panel-last-child\" data-index=\"20\" ><div\n\t\t\t\n\t\t\tclass=\"so-widget-sow-editor so-widget-sow-editor-base\"\n\t\t\t\n\t\t>\n<div class=\"siteorigin-widget-tinymce textwidget\">\n\t<p>&nbsp;<\/p>\n<h3 style=\"text-align: center;\"><a href=\"https:\/\/www.peregrino.online\/de\/silberstrase\/etapas\/19-aldeanueva-del-camino-banos-de-montemayor\/\">19.Aldeanueva del Camino-Ba\u00f1os de Montemayor<\/a><\/h3>\n<div style=\"text-align: center;\"><a href=\"https:\/\/www.peregrino.online\/de\/silberstrase\/etapas\/19-aldeanueva-del-camino-banos-de-montemayor\/\"><br \/>\n<img decoding=\"async\" style=\"width: 300px; height: 145px;\" src=\"https:\/\/peregrino.online\/camino-de-santiago\/via-de-la-plata\/fotos\/Perfiles\/19adeanuevabanos.jpg\" alt=\"Etappe 19 Aldeanueva Ba\u00f1os de Montemayor V\u00eda de la Plata\"><br \/>\n<\/a><\/div>\n<\/div>\n<\/div><\/div><\/div><div id=\"pgc-14735-7-1\"  class=\"panel-grid-cell\" ><div id=\"panel-14735-7-1-0\" class=\"so-panel widget widget_sow-editor panel-first-child panel-last-child\" data-index=\"21\" ><div\n\t\t\t\n\t\t\tclass=\"so-widget-sow-editor so-widget-sow-editor-base\"\n\t\t\t\n\t\t>\n<div class=\"siteorigin-widget-tinymce textwidget\">\n\t<p>&nbsp;<\/p>\n<h3 style=\"text-align: center;\"><a href=\"https:\/\/www.peregrino.online\/de\/silberstrase\/etapas\/20-banos-de-montemayor-calzada-de-bejar\/\">20.Ba\u00f1os de Montemayor\u2013Calzada de B\u00e9jar<\/a><\/h3>\n<div style=\"text-align: center;\"><a href=\"https:\/\/www.peregrino.online\/de\/silberstrase\/etapas\/20-banos-de-montemayor-calzada-de-bejar\/\"><br \/>\n<img decoding=\"async\" style=\"width: 300px; height: 145px;\" src=\"https:\/\/peregrino.online\/camino-de-santiago\/via-de-la-plata\/fotos\/Perfiles\/20banoscalzada.jpg\" alt=\"Etappe 20 Ba\u00f1os de Montemayor Calzada de B\u00e9jar V\u00eda de la Plata\"><br \/>\n<\/a><\/div>\n<\/div>\n<\/div><\/div><\/div><div id=\"pgc-14735-7-2\"  class=\"panel-grid-cell\" ><div id=\"panel-14735-7-2-0\" class=\"so-panel widget widget_sow-editor panel-first-child panel-last-child\" data-index=\"22\" ><div\n\t\t\t\n\t\t\tclass=\"so-widget-sow-editor so-widget-sow-editor-base\"\n\t\t\t\n\t\t>\n<div class=\"siteorigin-widget-tinymce textwidget\">\n\t<p>&nbsp;<\/p>\n<h3 style=\"text-align: center;\"><a href=\"https:\/\/www.peregrino.online\/de\/silberstrase\/etapas\/21-calzada-de-bejar-fuenterroble\/\">21.Calzada de B\u00e9jar\u2013Fuenterroble<\/a><\/h3>\n<h3 style=\"text-align: center;\"><\/h3>\n<div style=\"text-align: center;\"><a href=\"https:\/\/www.peregrino.online\/de\/silberstrase\/etapas\/21-calzada-de-bejar-fuenterroble\/\"><br \/>\n<img decoding=\"async\" style=\"width: 300px; height: 145px;\" src=\"https:\/\/peregrino.online\/camino-de-santiago\/via-de-la-plata\/fotos\/Perfiles\/21calzadafuenrroble.jpg\" alt=\"Etappe 21 Calzada de B\u00e9jar Fuenterroble V\u00eda de la Plata\"><br \/>\n<\/a><\/div>\n<\/div>\n<\/div><\/div><\/div><\/div><div id=\"pg-14735-8\"  class=\"panel-grid panel-no-style\" ><div id=\"pgc-14735-8-0\"  class=\"panel-grid-cell\" ><div id=\"panel-14735-8-0-0\" class=\"so-panel widget widget_sow-editor panel-first-child panel-last-child\" data-index=\"23\" ><div\n\t\t\t\n\t\t\tclass=\"so-widget-sow-editor so-widget-sow-editor-base\"\n\t\t\t\n\t\t>\n<div class=\"siteorigin-widget-tinymce textwidget\">\n\t<p>&nbsp;<\/p>\n<h3 style=\"text-align: center;\"><a href=\"https:\/\/www.peregrino.online\/de\/silberstrase\/etapas\/22-fuenterroble-san-pedro-de-rozados\/\">22.Fuenterroble\u2013San Pedro de Rozados<\/a><\/h3>\n<div style=\"text-align: center;\"><a href=\"https:\/\/www.peregrino.online\/de\/silberstrase\/etapas\/22-fuenterroble-san-pedro-de-rozados\/\"><br \/>\n<img decoding=\"async\" style=\"width: 300px; height: 145px;\" src=\"https:\/\/peregrino.online\/camino-de-santiago\/via-de-la-plata\/fotos\/Perfiles\/22fuenrroblesanpedro.jpg\" alt=\"Etappe 22 Fuenterroble San Pedro de Rozados V\u00eda de la Plata\"><br \/>\n<\/a><\/div>\n<\/div>\n<\/div><\/div><\/div><div id=\"pgc-14735-8-1\"  class=\"panel-grid-cell\" ><div id=\"panel-14735-8-1-0\" class=\"so-panel widget widget_sow-editor panel-first-child panel-last-child\" data-index=\"24\" ><div\n\t\t\t\n\t\t\tclass=\"so-widget-sow-editor so-widget-sow-editor-base\"\n\t\t\t\n\t\t>\n<div class=\"siteorigin-widget-tinymce textwidget\">\n\t<p>&nbsp;<\/p>\n<h3 style=\"text-align: center;\"><a href=\"https:\/\/www.peregrino.online\/de\/silberstrase\/etapas\/23-san-pedro-de-rozados-salamanca\/\">23.San Pedro de Rozados\u2013Salamanca<\/a><\/h3>\n<div style=\"text-align: center;\"><a href=\"https:\/\/www.peregrino.online\/de\/silberstrase\/etapas\/23-san-pedro-de-rozados-salamanca\/\"><br \/>\n<img decoding=\"async\" style=\"width: 300px; height: 145px;\" src=\"https:\/\/peregrino.online\/camino-de-santiago\/via-de-la-plata\/fotos\/Perfiles\/23sanpedrosalamanca.jpg\" alt=\"Etappe 23 San Pedro de Rozados Salamanca V\u00eda de la Plata\"><br \/>\n<\/a><\/div>\n<\/div>\n<\/div><\/div><\/div><div id=\"pgc-14735-8-2\"  class=\"panel-grid-cell\" ><div id=\"panel-14735-8-2-0\" class=\"so-panel widget widget_sow-editor panel-first-child panel-last-child\" data-index=\"25\" ><div\n\t\t\t\n\t\t\tclass=\"so-widget-sow-editor so-widget-sow-editor-base\"\n\t\t\t\n\t\t>\n<div class=\"siteorigin-widget-tinymce textwidget\">\n\t<p>&nbsp;<\/p>\n<h3 style=\"text-align: center;\"><a href=\"https:\/\/www.peregrino.online\/de\/silberstrase\/etapas\/24-salamanca-calzada-de-valdunciel\/\">24.Salamanca\u2013Calzada de Valdunciel<\/a><\/h3>\n<h3 style=\"text-align: center;\"><\/h3>\n<div style=\"text-align: center;\"><a href=\"https:\/\/www.peregrino.online\/de\/silberstrase\/etapas\/24-salamanca-calzada-de-valdunciel\/\"><br \/>\n<img decoding=\"async\" style=\"width: 300px; height: 145px;\" src=\"https:\/\/peregrino.online\/camino-de-santiago\/via-de-la-plata\/fotos\/Perfiles\/24calzadasalamanca.jpg\" alt=\"Etappe 24 Salamanca Calzada de Valdunciel V\u00eda de la Plata\"><br \/>\n<\/a><\/div>\n<\/div>\n<\/div><\/div><\/div><\/div><div id=\"pg-14735-9\"  class=\"panel-grid panel-no-style\" ><div id=\"pgc-14735-9-0\"  class=\"panel-grid-cell\" ><div id=\"panel-14735-9-0-0\" class=\"so-panel widget widget_sow-editor panel-first-child panel-last-child\" data-index=\"26\" ><div\n\t\t\t\n\t\t\tclass=\"so-widget-sow-editor so-widget-sow-editor-base\"\n\t\t\t\n\t\t>\n<div class=\"siteorigin-widget-tinymce textwidget\">\n\t<p>&nbsp;<\/p>\n<h3 style=\"text-align: center;\"><a href=\"https:\/\/www.peregrino.online\/de\/silberstrase\/etapas\/25-calzada-de-valdunciel-el-cubo-de-la-tierra-del-vino\/\">25.Calzada de Valdunciel\u2013El Cubo de la Tierra del Vino<\/a><\/h3>\n<div style=\"text-align: center;\"><a href=\"https:\/\/www.peregrino.online\/de\/silberstrase\/etapas\/25-calzada-de-valdunciel-el-cubo-de-la-tierra-del-vino\/\"><br \/>\n<img decoding=\"async\" style=\"width: 300px; height: 145px;\" src=\"https:\/\/peregrino.online\/camino-de-santiago\/via-de-la-plata\/fotos\/Perfiles\/25calzadaelcubo.jpg\" alt=\"Etappe 25 Calzada de Valdunciel El Cubo V\u00eda de la Plata\"><br \/>\n<\/a><\/div>\n<\/div>\n<\/div><\/div><\/div><div id=\"pgc-14735-9-1\"  class=\"panel-grid-cell\" ><div id=\"panel-14735-9-1-0\" class=\"so-panel widget widget_sow-editor panel-first-child panel-last-child\" data-index=\"27\" ><div\n\t\t\t\n\t\t\tclass=\"so-widget-sow-editor so-widget-sow-editor-base\"\n\t\t\t\n\t\t>\n<div class=\"siteorigin-widget-tinymce textwidget\">\n\t<p>&nbsp;<\/p>\n<h3 style=\"text-align: center;\"><a href=\"https:\/\/www.peregrino.online\/de\/silberstrase\/etapas\/26-el-cubo-de-la-tierra-del-vino-villanueva-de-campean\/\">26.El Cubo de la Tierra del Vino\u2013Villanueva de Campean<\/a><\/h3>\n<div style=\"text-align: center;\"><a href=\"https:\/\/www.peregrino.online\/de\/silberstrase\/etapas\/26-el-cubo-de-la-tierra-del-vino-villanueva-de-campean\/\"><br \/>\n<img decoding=\"async\" style=\"width: 300px; height: 145px;\" src=\"https:\/\/peregrino.online\/camino-de-santiago\/via-de-la-plata\/fotos\/Perfiles\/26elcubovillanueva.jpg\" alt=\"Etappe 26 El Cubo Villanueva de Campean V\u00eda de la Plata\"><br \/>\n<\/a><\/div>\n<\/div>\n<\/div><\/div><\/div><div id=\"pgc-14735-9-2\"  class=\"panel-grid-cell\" ><div id=\"panel-14735-9-2-0\" class=\"so-panel widget widget_sow-editor panel-first-child panel-last-child\" data-index=\"28\" ><div\n\t\t\t\n\t\t\tclass=\"so-widget-sow-editor so-widget-sow-editor-base\"\n\t\t\t\n\t\t>\n<div class=\"siteorigin-widget-tinymce textwidget\">\n\t<p>&nbsp;<\/p>\n<h3 style=\"text-align: center;\"><a href=\"https:\/\/www.peregrino.online\/de\/silberstrase\/etapas\/27-villanueva-de-campean-zamora\/\">27.Villanueva de Campean\u2013Zamora<\/a><\/h3>\n<h3 style=\"text-align: center;\"><\/h3>\n<div style=\"text-align: center;\"><a href=\"https:\/\/www.peregrino.online\/de\/silberstrase\/etapas\/27-villanueva-de-campean-zamora\/\"><br \/>\n<img decoding=\"async\" style=\"width: 300px; height: 145px;\" src=\"https:\/\/peregrino.online\/camino-de-santiago\/via-de-la-plata\/fotos\/Perfiles\/27villanuevazamora.jpg\" alt=\"Etappe 27 Villanueva de Campean Zamora V\u00eda de la Plata\"><br \/>\n<\/a><\/div>\n<\/div>\n<\/div><\/div><\/div><\/div><div id=\"pg-14735-10\"  class=\"panel-grid panel-no-style\" ><div id=\"pgc-14735-10-0\"  class=\"panel-grid-cell\" ><div id=\"panel-14735-10-0-0\" class=\"so-panel widget widget_sow-editor panel-first-child panel-last-child\" data-index=\"29\" ><div\n\t\t\t\n\t\t\tclass=\"so-widget-sow-editor so-widget-sow-editor-base\"\n\t\t\t\n\t\t>\n<div class=\"siteorigin-widget-tinymce textwidget\">\n\t<p>&nbsp;<\/p>\n<h3 style=\"text-align: center;\"><a href=\"https:\/\/www.peregrino.online\/de\/silberstrase\/etapas\/28-zamora-montamarta\/\">&nbsp; &nbsp; &nbsp; &nbsp;28.Zamora \u2013&nbsp; &nbsp; &nbsp; &nbsp;Montamarta<\/a><\/h3>\n<div style=\"text-align: center;\"><a href=\"https:\/\/www.peregrino.online\/de\/silberstrase\/etapas\/28-zamora-montamarta\/\"><br \/>\n<img decoding=\"async\" style=\"width: 300px; height: 145px;\" src=\"https:\/\/peregrino.online\/camino-de-santiago\/via-de-la-plata\/fotos\/Perfiles\/28zamoramontamarta.jpg\" alt=\"Etappe 28 Zamora Montamarta V\u00eda de la Plata\"><br \/>\n<\/a><\/div>\n<\/div>\n<\/div><\/div><\/div><div id=\"pgc-14735-10-1\"  class=\"panel-grid-cell\" ><div id=\"panel-14735-10-1-0\" class=\"so-panel widget widget_sow-editor panel-first-child panel-last-child\" data-index=\"30\" ><div\n\t\t\t\n\t\t\tclass=\"so-widget-sow-editor so-widget-sow-editor-base\"\n\t\t\t\n\t\t>\n<div class=\"siteorigin-widget-tinymce textwidget\">\n\t<p>&nbsp;<\/p>\n<h3 style=\"text-align: center;\"><a href=\"https:\/\/www.peregrino.online\/de\/silberstrase\/etapas\/29-montamarta-granja\/\">29.Montamarta-Granja de Moreruela<\/a><\/h3>\n<div style=\"text-align: center;\"><a href=\"https:\/\/www.peregrino.online\/de\/silberstrase\/etapas\/29-montamarta-granja\/\"><br \/>\n<img decoding=\"async\" style=\"width: 300px; height: 145px;\" src=\"https:\/\/peregrino.online\/camino-de-santiago\/via-de-la-plata\/fotos\/Perfiles\/29montamartagranja.jpg\" alt=\"Etappe 29 Montamarta Granja de Moreruela V\u00eda de la Plata\"><br \/>\n<\/a><\/div>\n<\/div>\n<\/div><\/div><\/div><div id=\"pgc-14735-10-2\"  class=\"panel-grid-cell\" ><div id=\"panel-14735-10-2-0\" class=\"so-panel widget widget_sow-editor panel-first-child panel-last-child\" data-index=\"31\" ><div\n\t\t\t\n\t\t\tclass=\"so-widget-sow-editor so-widget-sow-editor-base\"\n\t\t\t\n\t\t>\n<div class=\"siteorigin-widget-tinymce textwidget\">\n\t<p>&nbsp;<\/p>\n<h3 style=\"text-align: center;\"><a href=\"https:\/\/www.peregrino.online\/de\/camino-sanabres\/\">Sanabr\u00e9s Weg<\/a><\/h3>\n<h3 style=\"text-align: center;\"><\/h3>\n<div style=\"text-align: center;\"><a href=\"https:\/\/www.peregrino.online\/de\/camino-sanabres\/\"><br \/>\n<img decoding=\"async\" style=\"width: 200px; height: 145px;\" src=\"https:\/\/peregrino.online\/camino-de-santiago\/sanabres\/fotos\/inicio\/gr.jpg\" alt=\"Sanabr\u00e9s Weg Variante V\u00eda de la Plata\"><br \/>\n<\/a><\/div>\n<\/div>\n<\/div><\/div><\/div><\/div><div id=\"pg-14735-11\"  class=\"panel-grid panel-no-style\" ><div id=\"pgc-14735-11-0\"  class=\"panel-grid-cell\" ><div id=\"panel-14735-11-0-0\" class=\"so-panel widget widget_sow-editor panel-first-child panel-last-child\" data-index=\"32\" ><div\n\t\t\t\n\t\t\tclass=\"so-widget-sow-editor so-widget-sow-editor-base\"\n\t\t\t\n\t\t>\n<div class=\"siteorigin-widget-tinymce textwidget\">\n\t<p>&nbsp;<\/p>\n<h3 style=\"text-align: center;\"><a href=\"https:\/\/www.peregrino.online\/de\/silberstrase\/etapas\/30-granja-de-moreruela-benavente\/\">30.Granja de Moreruela\u2013Benavente<\/a><\/h3>\n<h3 style=\"text-align: center;\"><\/h3>\n<div style=\"text-align: center;\"><a href=\"https:\/\/www.peregrino.online\/de\/silberstrase\/etapas\/30-granja-de-moreruela-benavente\/\"><br \/>\n<img decoding=\"async\" style=\"width: 300px; height: 145px;\" src=\"https:\/\/peregrino.online\/camino-de-santiago\/via-de-la-plata\/fotos\/Perfiles\/31granjabenavente.jpg\" alt=\"Etappe 30 Granja de Moreruela Benavente V\u00eda de la Plata\"><br \/>\n<\/a><\/div>\n<\/div>\n<\/div><\/div><\/div><div id=\"pgc-14735-11-1\"  class=\"panel-grid-cell\" ><div id=\"panel-14735-11-1-0\" class=\"so-panel widget widget_sow-editor panel-first-child panel-last-child\" data-index=\"33\" ><div\n\t\t\t\n\t\t\tclass=\"so-widget-sow-editor so-widget-sow-editor-base\"\n\t\t\t\n\t\t>\n<div class=\"siteorigin-widget-tinymce textwidget\">\n\t<p>&nbsp;<\/p>\n<h3 style=\"text-align: center;\"><a href=\"https:\/\/www.peregrino.online\/de\/silberstrase\/etapas\/31-benavente-alija-del-infantado\/\">31.Benavente-Alija del Infantado<\/a><\/h3>\n<div style=\"text-align: center;\"><a href=\"https:\/\/www.peregrino.online\/de\/silberstrase\/etapas\/31-benavente-alija-del-infantado\/\"><br \/>\n<img decoding=\"async\" style=\"width: 300px; height: 145px;\" src=\"https:\/\/peregrino.online\/camino-de-santiago\/via-de-la-plata\/fotos\/Perfiles\/32benaventealija.jpg\" alt=\"Etappe 31 Benavente Alija del Infantado V\u00eda de la Plata\"><br \/>\n<\/a><\/div>\n<\/div>\n<\/div><\/div><\/div><div id=\"pgc-14735-11-2\"  class=\"panel-grid-cell\" ><div id=\"panel-14735-11-2-0\" class=\"so-panel widget widget_sow-editor panel-first-child panel-last-child\" data-index=\"34\" ><div\n\t\t\t\n\t\t\tclass=\"so-widget-sow-editor so-widget-sow-editor-base\"\n\t\t\t\n\t\t>\n<div class=\"siteorigin-widget-tinymce textwidget\">\n\t<p>&nbsp;<\/p>\n<h3 style=\"text-align: center;\"><a href=\"https:\/\/www.peregrino.online\/de\/silberstrase\/etapas\/32-alija-del-infantado-la-baneza\/\">32.Alija del Infantado\u2013La Ba\u00f1eza<\/a><\/h3>\n<div style=\"text-align: center;\"><a href=\"https:\/\/www.peregrino.online\/de\/silberstrase\/etapas\/32-alija-del-infantado-la-baneza\/\"><br \/>\n<img decoding=\"async\" style=\"width: 300px; height: 145px;\" src=\"https:\/\/peregrino.online\/camino-de-santiago\/via-de-la-plata\/fotos\/Perfiles\/33alijabaneza.jpg\" alt=\"Etappe 32 Alija del Infantado La Ba\u00f1eza V\u00eda de la Plata\"><br \/>\n<\/a><\/div>\n<\/div>\n<\/div><\/div><\/div><\/div><div id=\"pg-14735-12\"  class=\"panel-grid panel-no-style\" ><div id=\"pgc-14735-12-0\"  class=\"panel-grid-cell\" ><div id=\"panel-14735-12-0-0\" class=\"so-panel widget widget_sow-editor panel-first-child panel-last-child\" data-index=\"35\" ><div\n\t\t\t\n\t\t\tclass=\"so-widget-sow-editor so-widget-sow-editor-base\"\n\t\t\t\n\t\t>\n<div class=\"siteorigin-widget-tinymce textwidget\">\n\t<p>&nbsp;<\/p>\n<h3 style=\"text-align: center;\"><a href=\"https:\/\/www.peregrino.online\/de\/silberstrase\/etapas\/33-la-baneza-astorga\/\">&nbsp; &nbsp; &nbsp; &nbsp;  33.La Ba\u00f1eza -&nbsp; &nbsp; &nbsp; &nbsp; Astorga<\/a><\/h3>\n<h3 style=\"text-align: center;\"><\/h3>\n<div style=\"text-align: center;\"><a href=\"https:\/\/www.peregrino.online\/de\/silberstrase\/etapas\/33-la-baneza-astorga\/\"><br \/>\n<img decoding=\"async\" style=\"width: 300px; height: 145px;\" src=\"https:\/\/peregrino.online\/camino-de-santiago\/via-de-la-plata\/fotos\/Perfiles\/34banezaastorga.jpg\" alt=\"Etappe 33 La Ba\u00f1eza Astorga V\u00eda de la Plata\"><br \/>\n<\/a><\/div>\n<\/div>\n<\/div><\/div><\/div><div id=\"pgc-14735-12-1\"  class=\"panel-grid-cell panel-grid-cell-empty panel-grid-cell-mobile-last\" ><\/div><div id=\"pgc-14735-12-2\"  class=\"panel-grid-cell panel-grid-cell-empty\" ><\/div><\/div><div id=\"pg-14735-13\"  class=\"panel-grid panel-no-style\" ><div id=\"pgc-14735-13-0\"  class=\"panel-grid-cell\" ><div id=\"panel-14735-13-0-0\" class=\"so-panel widget widget_sow-editor panel-first-child panel-last-child\" data-index=\"36\" ><div\n\t\t\t\n\t\t\tclass=\"so-widget-sow-editor so-widget-sow-editor-base\"\n\t\t\t\n\t\t>\n<div class=\"siteorigin-widget-tinymce textwidget\">\n\t<p>&nbsp;<\/p>\n<section id=\"camino-ingles-pilar\" class=\"camino-pilar\">\n<h1>Vollst\u00e4ndiger Leitfaden zur V\u00eda de la Plata \u2013 Etappen, Distanzen und Planung<\/h2>\n<p>Die <strong>V\u00eda de la Plata<\/strong> ist die l\u00e4ngste, historischste und monumentalste Route des <strong>Camino de Santiago<\/strong>. Es handelt sich um eine jahrtausendealte Route, die gr\u00f6\u00dftenteils dem Verlauf der antiken <strong>r\u00f6mischen Stra\u00dfe Ab Emerita Asturicam<\/strong> folgt, die seit der R\u00f6merzeit genutzt wurde, um den S\u00fcden und Norden Hispaniens zu verbinden. Dieser Jakobsweg durchquert die Iberische Halbinsel von <strong>S\u00fcd nach Nord<\/strong>, f\u00fchrt durch <strong>Andalusien, Extremadura, Kastilien und Le\u00f3n sowie Galicien<\/strong> und verbindet einige der historisch bedeutendsten St\u00e4dte des Landes.<\/p>\n<p>Die V\u00eda de la Plata ist der l\u00e4ngste, kulturell reichste, traditionsreichste und einsamste Weg des jakobinischen Systems und vereint Geschichte, Arch\u00e4ologie, Spiritualit\u00e4t, Natur, weite offene Landschaften und eine zutiefst authentische Pilgererfahrung.<\/p>\n<hr>\n<h2>Was ist die V\u00eda de la Plata? Geschichte und r\u00f6mische Urspr\u00fcnge<\/h2>\n<p>Der Name <strong>V\u00eda de la Plata<\/strong> bezieht sich nicht auf das Edelmetall Silber, sondern leitet sich vom lateinischen <em>Iter ab Emerita Asturicam<\/em> ab, der r\u00f6mischen Stra\u00dfe, die <strong>M\u00e9rida (Emerita Augusta)<\/strong> mit <strong>Astorga (Asturica Augusta)<\/strong> verband. Sie wurde zwischen dem 1. und 2. Jahrhundert n. Chr. erbaut und war jahrhundertelang die wichtigste Verkehrsachse des westlichen Teils der Iberischen Halbinsel.<\/p>\n<p>Diese r\u00f6mische Infrastruktur wurde im Mittelalter als <strong>christlicher Pilgerweg<\/strong> nach Santiago de Compostela wiederverwendet und wurde zu einer der \u00e4ltesten Routen des Camino de Santiago. Anders als andere Wege, die als Pilgerstrecken entstanden, ist die V\u00eda de la Plata in erster Linie eine r\u00f6mische Stra\u00dfe, die von Pilgern \u00fcbernommen wurde. Ihr urspr\u00fcnglicher Verlauf ist in zahlreichen Abschnitten erhalten, darunter Meilensteine, r\u00f6mische Br\u00fccken und Mansiones, die Pilger entlang des Weges besichtigen k\u00f6nnen.<\/p>\n<p>St\u00e4dte wie <strong>Italica, M\u00e9rida, C\u00e1ceres, Salamanca, Zamora und Astorga<\/strong> bilden eine der bedeutendsten historischen Achsen der peninsularen Geschichte und machen die V\u00eda de la Plata zu einem arch\u00e4ologischen und historischen Erlebnis ohne Gleichen im jakobinischen System.<\/p>\n<hr>\n<h2>Karte der V\u00eda de la Plata<\/h2>\n<p><b>Interaktive Karte und Offline-Leitfaden<\/b><\/p>\n<p>Peregrino Online bietet vollst\u00e4ndige Karten der V\u00eda de la Plata mit allen Etappen, Pilgerherbergen, Dienstleistungen und Sehensw\u00fcrdigkeiten. Die Karten sind sowohl auf der Website als auch in der Android- und iPhone-App verf\u00fcgbar, mit der M\u00f6glichkeit des Offline-Downloads f\u00fcr die Nutzung unterwegs.<\/p>\n<ul>\n<li>Google Maps mit allen verf\u00fcgbaren Informationen<\/li>\n<li>Standorte aller Pilgerherbergen und Hotels<\/li>\n<li>Arch\u00e4ologische und historische Sehensw\u00fcrdigkeiten<\/li>\n<li>Markierte Abschnitte der originalen R\u00f6merstra\u00dfe<\/li>\n<li>Regelm\u00e4\u00dfige Streckenupdates<\/li>\n<\/ul>\n<p>Laden Sie die Peregrino Online App vor dem Start herunter. Die Offline-Karte erm\u00f6glicht Navigation ohne Mobilfunkdaten und ohne Netzabdeckung in den l\u00e4ndlichen Abschnitten der V\u00eda de la Plata.<\/p>\n<hr>\n<h2>Wo beginnt die V\u00eda de la Plata?<\/h2>\n<h3>Traditioneller Startpunkt der V\u00eda de la Plata<\/h3>\n<ul>\n<li><strong>Hauptstartpunkt:<\/strong> Sevilla (Andalusien)<\/li>\n<li><strong>\u00dcbliche Alternativen:<\/strong> M\u00e9rida, C\u00e1ceres, Salamanca<\/li>\n<li><strong>Ungef\u00e4hre Gesamtdistanz:<\/strong> ~1.000 km ab Sevilla<\/li>\n<li><strong>Anzahl der Etappen:<\/strong> 33 Etappen bis Astorga (plus Etappen des Camino Franc\u00e9s oder Sanabr\u00e9s)<\/li>\n<li><strong>Anspruch auf die Compostela:<\/strong> Ja<\/li>\n<li><strong>Art der Strecke:<\/strong> urban, Dehesas, Ebenen, Gebirge, l\u00e4ndliche Gebiete<\/li>\n<li><strong>Profil:<\/strong> erfahrene Pilger, Liebhaber von Einsamkeit und Geschichte<\/li>\n<\/ul>\n<table style=\"width: 100%; border-collapse: collapse; margin: 20px 0;\" border=\"1\" cellspacing=\"0\" cellpadding=\"8\">\n<thead>\n<tr>\n<th><b>Startpunkt<\/b><\/th>\n<th><b>Distanz bis Santiago<\/b><\/th>\n<th><b>Gesch\u00e4tzte Tage<\/b><\/th>\n<\/tr>\n<\/thead>\n<tbody>\n<tr>\n<td><strong>Sevilla<\/strong><\/td>\n<td>~1.000 km<\/td>\n<td>38\u201345 Tage<\/td>\n<\/tr>\n<tr>\n<td><strong>M\u00e9rida<\/strong><\/td>\n<td>~770 km<\/td>\n<td>30\u201335 Tage<\/td>\n<\/tr>\n<tr>\n<td><strong>C\u00e1ceres<\/strong><\/td>\n<td>~620 km<\/td>\n<td>24\u201328 Tage<\/td>\n<\/tr>\n<tr>\n<td><strong>Salamanca<\/strong><\/td>\n<td>~380 km<\/td>\n<td>15\u201318 Tage<\/td>\n<\/tr>\n<tr>\n<td><strong>Zamora<\/strong><\/td>\n<td>~290 km<\/td>\n<td>11\u201314 Tage<\/td>\n<\/tr>\n<\/tbody>\n<\/table>\n<hr>\n<h2>Etappen der V\u00eda de la Plata<\/h2>\n<p>Die <strong>V\u00eda de la Plata<\/strong> umfasst etwa <strong>677 km von Sevilla bis Astorga<\/strong>, aufgeteilt in <strong>33 Etappen<\/strong>. Ab <strong>Astorga<\/strong> k\u00f6nnen Pilger dem <strong>Camino Franc\u00e9s<\/strong> bis Santiago folgen, oder bereits fr\u00fcher ab <strong>Granja de Moreruela<\/strong> den <strong><a href=\"https:\/\/www.peregrino.online\/de\/camino-sanabres\/\">Sanabr\u00e9s Weg<\/a><\/strong> nehmen, die direkteste Route durch Galicien nach Santiago.<\/p>\n<p>Diese doppelte Verzweigung macht die V\u00eda de la Plata zu einem der vielseitigsten Wege des jakobinischen Systems, mit zahlreichen Routenvarianten je nach verf\u00fcgbarer Zeit und gew\u00fcnschtem Erlebnis.<\/p>\n<table class=\"tabla-via-plata\" style=\"width: 100%; border-collapse: collapse; margin: 25px 0;\">\n<thead>\n<tr>\n<th style=\"width: 6%;\">#<\/th>\n<th>Etappe<\/th>\n<th style=\"width: 14%;\">Distanz<\/th>\n<\/tr>\n<\/thead>\n<tbody>\n<tr>\n<td>1<\/td>\n<td><a href=\"https:\/\/www.peregrino.online\/de\/silberstrase\/etapas\/1-sevilla-guillena\/\">Sevilla \u2013 Guillena<\/a><\/td>\n<td>21,0 km<\/td>\n<\/tr>\n<tr>\n<td>2<\/td>\n<td><a href=\"https:\/\/www.peregrino.online\/de\/silberstrase\/etapas\/2-guillena-castilblanco\/\">Guillena \u2013 Castilblanco<\/a><\/td>\n<td>17,2 km<\/td>\n<\/tr>\n<tr>\n<td>3<\/td>\n<td><a href=\"https:\/\/www.peregrino.online\/de\/silberstrase\/etapas\/3-castilblanco-almaden-de-la-plata\/\">Castilblanco \u2013 Almad\u00e9n de la Plata<\/a><\/td>\n<td>29,2 km<\/td>\n<\/tr>\n<tr>\n<td>4<\/td>\n<td><a href=\"https:\/\/www.peregrino.online\/de\/silberstrase\/etapas\/4-almaden-el-real-de-la-jara\/\">Almad\u00e9n de la Plata \u2013 El Real de la Jara<\/a><\/td>\n<td>13,1 km<\/td>\n<\/tr>\n<tr>\n<td>5<\/td>\n<td><a href=\"https:\/\/www.peregrino.online\/de\/silberstrase\/etapas\/5-el-real-de-la-jara-monesterio\/\">El Real de la Jara \u2013 Monesterio<\/a><\/td>\n<td>20,1 km<\/td>\n<\/tr>\n<tr>\n<td>6<\/td>\n<td><a href=\"https:\/\/www.peregrino.online\/de\/silberstrase\/etapas\/6-monesterio-fuente-de-cantos\/\">Monesterio \u2013 Fuente de Cantos<\/a><\/td>\n<td>20,8 km<\/td>\n<\/tr>\n<tr>\n<td>7<\/td>\n<td><a href=\"https:\/\/www.peregrino.online\/de\/silberstrase\/etapas\/7-fuentes-de-cantos-zafra\/\">Fuente de Cantos \u2013 Zafra<\/a><\/td>\n<td>23,8 km<\/td>\n<\/tr>\n<tr>\n<td>8<\/td>\n<td><a href=\"https:\/\/www.peregrino.online\/de\/silberstrase\/etapas\/8-zafra-villafranca-de-los-barros\/\">Zafra \u2013 Villafranca de los Barros<\/a><\/td>\n<td>19,2 km<\/td>\n<\/tr>\n<tr>\n<td>9<\/td>\n<td><a href=\"https:\/\/www.peregrino.online\/de\/silberstrase\/etapas\/9-villafranca-torremejia\/\">Villafranca de los Barros \u2013 Torremej\u00eda<\/a><\/td>\n<td>27,4 km<\/td>\n<\/tr>\n<tr>\n<td>10<\/td>\n<td><a href=\"https:\/\/www.peregrino.online\/de\/silberstrase\/etapas\/10-torremejia-merida\/\">Torremej\u00eda \u2013 M\u00e9rida<\/a><\/td>\n<td>15,7 km<\/td>\n<\/tr>\n<tr>\n<td>11<\/td>\n<td><a href=\"https:\/\/www.peregrino.online\/de\/silberstrase\/etapas\/11-merida-aljucen\/\">M\u00e9rida \u2013 Aljuc\u00e9n<\/a><\/td>\n<td>16,2 km<\/td>\n<\/tr>\n<tr>\n<td>12<\/td>\n<td><a href=\"https:\/\/www.peregrino.online\/de\/silberstrase\/etapas\/12-aljucen-alcuescar\/\">Aljuc\u00e9n \u2013 Alcu\u00e9scar<\/a><\/td>\n<td>19,2 km<\/td>\n<\/tr>\n<tr>\n<td>13<\/td>\n<td><a href=\"https:\/\/www.peregrino.online\/de\/silberstrase\/etapas\/13-alcuescar-valdesalor\/\">Alcu\u00e9scar \u2013 Valdesalor<\/a><\/td>\n<td>25,3 km<\/td>\n<\/tr>\n<tr>\n<td>14<\/td>\n<td><a href=\"https:\/\/www.peregrino.online\/de\/silberstrase\/etapas\/14-valdesalor-casar-de-caceres\/\">Valdesalor \u2013 Casar de C\u00e1ceres<\/a><\/td>\n<td>23,3 km<\/td>\n<\/tr>\n<tr>\n<td>15<\/td>\n<td><a href=\"https:\/\/www.peregrino.online\/de\/silberstrase\/etapas\/15-casar-de-caceres-canaveral\/\">Casar de C\u00e1ceres \u2013 Ca\u00f1averal<\/a><\/td>\n<td>31,5 km<\/td>\n<\/tr>\n<tr>\n<td>16<\/td>\n<td><a href=\"https:\/\/www.peregrino.online\/de\/silberstrase\/etapas\/16-canaveral-galisteo\/\">Ca\u00f1averal \u2013 Galisteo<\/a><\/td>\n<td>28,0 km<\/td>\n<\/tr>\n<tr>\n<td>17<\/td>\n<td><a href=\"https:\/\/www.peregrino.online\/de\/silberstrase\/etapas\/17-galisteo-carcaboso\/\">Galisteo \u2013 Carcaboso<\/a><\/td>\n<td>11,0 km<\/td>\n<\/tr>\n<tr>\n<td>18<\/td>\n<td><a href=\"https:\/\/www.peregrino.online\/de\/silberstrase\/etapas\/18-carcaboso-aldeanueva\/\">Carcaboso \u2013 Aldeanueva del Camino<\/a><\/td>\n<td>38,1 km<\/td>\n<\/tr>\n<tr>\n<td>19<\/td>\n<td><a href=\"https:\/\/www.peregrino.online\/de\/silberstrase\/etapas\/19-aldeanueva-del-camino-banos-de-montemayor\/\">Aldeanueva del Camino \u2013 Ba\u00f1os de Montemayor<\/a><\/td>\n<td>9,6 km<\/td>\n<\/tr>\n<tr>\n<td>20<\/td>\n<td><a href=\"https:\/\/www.peregrino.online\/de\/silberstrase\/etapas\/20-banos-de-montemayor-calzada-de-bejar\/\">Ba\u00f1os de Montemayor \u2013 Calzada de B\u00e9jar<\/a><\/td>\n<td>12,4 km<\/td>\n<\/tr>\n<tr>\n<td>21<\/td>\n<td><a href=\"https:\/\/www.peregrino.online\/de\/silberstrase\/etapas\/21-calzada-de-bejar-fuenterroble\/\">Calzada de B\u00e9jar \u2013 Fuenterroble<\/a><\/td>\n<td>20,5 km<\/td>\n<\/tr>\n<tr>\n<td>22<\/td>\n<td><a href=\"https:\/\/www.peregrino.online\/de\/silberstrase\/etapas\/22-fuenterroble-san-pedro-de-rozados\/\">Fuenterroble \u2013 San Pedro de Rozados<\/a><\/td>\n<td>27,8 km<\/td>\n<\/tr>\n<tr>\n<td>23<\/td>\n<td><a href=\"https:\/\/www.peregrino.online\/de\/silberstrase\/etapas\/23-san-pedro-de-rozados-salamanca\/\">San Pedro de Rozados \u2013 Salamanca<\/a><\/td>\n<td>23,3 km<\/td>\n<\/tr>\n<tr>\n<td>24<\/td>\n<td><a href=\"https:\/\/www.peregrino.online\/de\/silberstrase\/etapas\/24-salamanca-calzada-de-valdunciel\/\">Salamanca \u2013 Calzada de Valdunciel<\/a><\/td>\n<td>16,8 km<\/td>\n<\/tr>\n<tr>\n<td>25<\/td>\n<td><a href=\"https:\/\/www.peregrino.online\/de\/silberstrase\/etapas\/25-calzada-de-valdunciel-el-cubo-de-la-tierra-del-vino\/\">Calzada de Valdunciel \u2013 El Cubo de la Tierra del Vino<\/a><\/td>\n<td>19,7 km<\/td>\n<\/tr>\n<tr>\n<td>26<\/td>\n<td><a href=\"https:\/\/www.peregrino.online\/de\/silberstrase\/etapas\/26-el-cubo-de-la-tierra-del-vino-villanueva-de-campean\/\">El Cubo de la Tierra del Vino \u2013 Villanueva de Campe\u00e1n<\/a><\/td>\n<td>13,5 km<\/td>\n<\/tr>\n<tr>\n<td>27<\/td>\n<td><a href=\"https:\/\/www.peregrino.online\/de\/silberstrase\/etapas\/27-villanueva-de-campean-zamora\/\">Villanueva de Campe\u00e1n \u2013 Zamora<\/a><\/td>\n<td>18,0 km<\/td>\n<\/tr>\n<tr>\n<td>28<\/td>\n<td><a href=\"https:\/\/www.peregrino.online\/de\/silberstrase\/etapas\/28-zamora-montamarta\/\">Zamora \u2013 Montamarta<\/a><\/td>\n<td>18,0 km<\/td>\n<\/tr>\n<tr>\n<td>29<\/td>\n<td><a href=\"https:\/\/www.peregrino.online\/de\/silberstrase\/etapas\/29-montamarta-granja\/\">Montamarta \u2013 Granja de Moreruela<\/a><\/td>\n<td>22,8 km<\/td>\n<\/tr>\n<tr>\n<td>30<\/td>\n<td><a href=\"https:\/\/www.peregrino.online\/de\/silberstrase\/etapas\/30-granja-de-moreruela-benavente\/\">Granja de Moreruela \u2013 Benavente<\/a><\/td>\n<td>31,5 km<\/td>\n<\/tr>\n<tr>\n<td>31<\/td>\n<td><a href=\"https:\/\/www.peregrino.online\/de\/silberstrase\/etapas\/31-benavente-alija-del-infantado\/\">Benavente \u2013 Alija del Infantado<\/a><\/td>\n<td>20,6 km<\/td>\n<\/tr>\n<tr>\n<td>32<\/td>\n<td><a href=\"https:\/\/www.peregrino.online\/de\/silberstrase\/etapas\/32-alija-del-infantado-la-baneza\/\">Alija del Infantado \u2013 La Ba\u00f1eza<\/a><\/td>\n<td>22,5 km<\/td>\n<\/tr>\n<tr>\n<td>33<\/td>\n<td><a href=\"https:\/\/www.peregrino.online\/de\/silberstrase\/etapas\/33-la-baneza-astorga\/\">La Ba\u00f1eza \u2013 Astorga<\/a><\/td>\n<td>24,2 km<\/td>\n<\/tr>\n<\/tbody>\n<\/table>\n<p style=\"text-align: center;\"><strong>Gesamtdistanz Sevilla \u2013 Astorga: 677,4 km<\/strong><\/p>\n<hr>\n<h2>Wie viele Kilometer ist die V\u00eda de la Plata?<\/h2>\n<p>Die V\u00eda de la Plata umfasst etwa <strong>677 km von Sevilla bis Astorga<\/strong>, dem eigenen Streckenabschnitt. Ab Astorga k\u00f6nnen Pilger dem <strong>Camino Franc\u00e9s<\/strong> (~270 km) bis Santiago folgen, oder den <strong>Sanabr\u00e9s Weg<\/strong> ab Granja de Moreruela nehmen, der etwa 290 km direkt nach Santiago f\u00fchrt. Die vollst\u00e4ndige Route von Sevilla nach Santiago de Compostela betr\u00e4gt insgesamt etwa <strong>1.000 km<\/strong> und macht die V\u00eda de la Plata zur l\u00e4ngsten Route des gesamten jakobinischen Systems.<\/p>\n<hr>\n<h2>Die V\u00eda de la Plata per Fahrrad<\/h2>\n<p>Die V\u00eda de la Plata gilt als eine der <strong>besten Routen des Camino de Santiago f\u00fcr die Radreise<\/strong>. Ihr breiter, befestigter Weg, wenig Verkehr, weite unbesiedelte Landschaften und ein progressives H\u00f6henprofil machen sie zur idealen Option f\u00fcr Radpilger. Etwa <strong>12 % der Pilger<\/strong> legen die V\u00eda de la Plata per Fahrrad zur\u00fcck \u2014 die h\u00f6chste Prozentzahl aller jakobinischen Routen.<\/p>\n<p>F\u00fcr die Compostela per Fahrrad ist ein Minimum von 200 km erforderlich, sodass jeder Startpunkt der V\u00eda de la Plata diese Anforderung problemlos erf\u00fcllt. Die Peregrino Online App enth\u00e4lt den Bicigrino-Leitfaden mit spezifischen Informationen f\u00fcr Radfahrer zu Streckenverlauf, Dienstleistungen und Varianten der V\u00eda de la Plata.<\/p>\n<hr>\n<h2>H\u00e4ufig gestellte Fragen zur V\u00eda de la Plata<\/h2>\n<h3>Wie viele Kilometer ist die V\u00eda de la Plata lang?<\/h3>\n<p>Von Sevilla bis Astorga sind es <strong>677 km<\/strong> in 33 Etappen. Die vollst\u00e4ndige Route bis Santiago de Compostela, einschlie\u00dflich des Abschlussabschnitts (Camino Franc\u00e9s oder Sanabr\u00e9s), betr\u00e4gt etwa <strong>1.000 km<\/strong>.<\/p>\n<h3>Wie viele Tage ben\u00f6tigt man f\u00fcr die V\u00eda de la Plata?<\/h3>\n<p>Zwischen <strong>38 und 45 Tagen<\/strong> f\u00fcr die vollst\u00e4ndige Route ab Sevilla, abh\u00e4ngig von Tempo, Planung und gew\u00e4hlter Variante.<\/p>\n<h3>Wo beginnt die V\u00eda de la Plata?<\/h3>\n<p>Der traditionelle Startpunkt ist <strong>Sevilla<\/strong>, an der Kirche San Jacinto. M\u00f6glich ist auch der Start in <strong>M\u00e9rida, C\u00e1ceres oder Salamanca<\/strong> f\u00fcr k\u00fcrzere Varianten.<\/p>\n<h3>Ist die V\u00eda de la Plata schwierig?<\/h3>\n<p>Ja. Sie gilt als eine der <strong>anspruchsvollsten<\/strong> Camino de Santiago-Routen aufgrund ihrer L\u00e4nge, der extremen Sommerhitze, der begrenzten Infrastruktur und der gro\u00dfen Einsamkeit im Vergleich zu anderen Wegen.<\/p>\n<h3>Berechtigt die V\u00eda de la Plata zur Compostela?<\/h3>\n<p>Ja. Die V\u00eda de la Plata \u00fcberschreitet deutlich die erforderlichen <strong>Mindest-100 km<\/strong> f\u00fcr die Compostela zu Fu\u00df bzw. 200 km per Fahrrad.<\/p>\n<h3>Was ist der Unterschied zwischen der V\u00eda de la Plata und dem Sanabr\u00e9s Weg?<\/h3>\n<p>Die <strong>V\u00eda de la Plata<\/strong> folgt dem historischen Verlauf der R\u00f6merstra\u00dfe von Sevilla bis Astorga, wo sie sich dem Camino Franc\u00e9s anschlie\u00dft. Der <strong><a href=\"https:\/\/www.peregrino.online\/de\/camino-sanabres\/\">Sanabr\u00e9s Weg<\/a><\/strong> zweigt ab <strong>Granja de Moreruela<\/strong> in Richtung Galicien \u00fcber Zamora, Ourense und die Ribeira Sacra ab. Bei Peregrino Online behandeln wir beide als unabh\u00e4ngige Routen, obwohl unsere ver\u00f6ffentlichten Statistiken Pilger beider Varianten einschlie\u00dfen.<\/p>\n<h3>Kann man die V\u00eda de la Plata per Fahrrad zur\u00fccklegen?<\/h3>\n<p>Ja, und es ist eine der besten Optionen. Etwa 12 % der Pilger absolvieren sie mit dem Rad. Der Streckenverlauf eignet sich hervorragend f\u00fcr das Radfahren, mit breiten Wegen und wenig Verkehr. Die Peregrino Online App enth\u00e4lt den Bicigrino-Leitfaden speziell f\u00fcr diese Route.<\/p>\n<h3>Gibt es auf der gesamten V\u00eda de la Plata Pilgerherbergen?<\/h3>\n<p>Das Herbergennetz existiert, ist aber begrenzter als auf dem Camino Franc\u00e9s oder dem Camino Portugu\u00e9s. Auf manchen Abschnitten liegen die Dienstleistungen sehr weit auseinander, was eine sorgf\u00e4ltige Vorplanung erfordert, besonders in der Extremadura.<\/p>\n<hr>\n<section id=\"estadisticas-via-plata\">\n<h2>Statistiken der V\u00eda de la Plata<\/h2>\n<p>Bei Peregrino Online haben wir die Route in zwei unterschiedliche Wege gegliedert: die <strong>V\u00eda de la Plata<\/strong> und den <strong><a href=\"https:\/\/www.peregrino.online\/de\/camino-sanabres\/\">Sanabr\u00e9s Weg<\/a><\/strong>. Beide Routen trennen sich in <strong>Granja de Moreruela<\/strong>, wo Pilger w\u00e4hlen k\u00f6nnen, ob sie weiter nach <strong>Astorga<\/strong> zum Anschluss an den Camino Franc\u00e9s oder den Sanabr\u00e9s Weg in Richtung Galicien nehmen.<\/p>\n<p>Die nachfolgenden <strong>statistischen Daten<\/strong> beziehen sich auf die <strong>gemeinsame Summe von V\u00eda de la Plata und Sanabr\u00e9s Weg<\/strong>.<\/p>\n<hr>\n<h3>Pilgerdaten<\/h3>\n<p>Im Jahr <strong>2025<\/strong> legten rund <strong>9.000 Pilger<\/strong> die V\u00eda de la Plata ganz oder teilweise zur\u00fcck. Die wichtigsten Startpunkte waren:<\/p>\n<ul>\n<li><strong>Ourense:<\/strong> etwa 4.500 Pilger<\/li>\n<li><strong>Sevilla:<\/strong> etwa 1.800 Pilger<\/li>\n<\/ul>\n<p>In gr\u00f6\u00dferer Entfernung, mit weniger als <strong>300 Pilgern pro Jahr<\/strong>, erscheinen weitere Startpunkte wie <strong>Salamanca, Zamora und Granja de Moreruela<\/strong>, was den dezentralen und flexiblen Charakter der Route best\u00e4tigt.<\/p>\n<hr>\n<h3>Entwicklung und Besucheraufkommen<\/h3>\n<p>Die <strong>V\u00eda de la Plata<\/strong> hat einen stabilen Durchschnitt von etwa <strong>9.000 Pilgern pro Jahr<\/strong> gehalten, ohne \u00dcberf\u00fcllungsspitzen. Im Gegensatz zum <strong>Camino Franc\u00e9s<\/strong> oder dem <strong>Camino Portugu\u00e9s<\/strong> weist die V\u00eda de la Plata keine S\u00e4ttigungsprobleme auf und ist daher ideal f\u00fcr Pilger, die eine <strong>ruhigere, authentischere und einsamere<\/strong> Erfahrung suchen.<\/p>\n<hr>\n<h3>Monate mit der h\u00f6chsten Pilgerzahl<\/h3>\n<p>Der Monat mit dem h\u00f6chsten Aufkommen ist <strong>Mai<\/strong>, gefolgt von <strong>Juni<\/strong> und <strong>Juli<\/strong>. Das Klima ist ein entscheidender Faktor:<\/p>\n<ul>\n<li>Pilger, die in <strong>Sevilla<\/strong> starten, w\u00e4hlen meist <strong>April, Mai, September oder Oktober<\/strong> und vermeiden die extreme Sommerhitze.<\/li>\n<li>Wer in <strong>Galicien<\/strong> beginnt, entscheidet sich haupts\u00e4chlich f\u00fcr <strong>Juni und Juli<\/strong> und profitiert vom milderen nordspanischen Klima.<\/li>\n<\/ul>\n<hr>\n<h3>Pilgerprofil<\/h3>\n<p><strong>56 %<\/strong> der V\u00eda de la Plata-Pilger sind <strong>spanischer Nationalit\u00e4t<\/strong>. Unter den internationalen Pilgern sind folgende Nationalit\u00e4ten am st\u00e4rksten vertreten:<\/p>\n<ul>\n<li>Portugal<\/li>\n<li>Italien<\/li>\n<li>Deutschland<\/li>\n<li>Vereinigte Staaten<\/li>\n<li>Vereinigtes K\u00f6nigreich<\/li>\n<li>Frankreich<\/li>\n<\/ul>\n<hr>\n<h3>Arten, die V\u00eda de la Plata zur\u00fcckzulegen<\/h3>\n<p>Die gro\u00dfe Mehrheit legt die V\u00eda de la Plata <strong>zu Fu\u00df<\/strong> zur\u00fcck, etwa <strong>12 %<\/strong> entscheiden sich f\u00fcr das <strong>Fahrrad<\/strong> \u2014 die h\u00f6chste Prozentzahl aller jakobinischen Routen. Mit fast <strong>1.000 km ab Sevilla<\/strong> ist sie eine gro\u00dfe k\u00f6rperliche Herausforderung, aber aufgrund des kontinuierlichen Streckenverlaufs, des progressiven Profils und der geringen Frequentierung gilt sie als eine der <strong>besten Camino de Santiago-Routen f\u00fcr Radfahrer<\/strong>.<br \/>\n<\/section>\n<hr>\n<h2>Planung der V\u00eda de la Plata<\/h2>\n<h3>Ben\u00f6tigte Tage<\/h3>\n<p>Zwischen 38 und 45 Tage von Sevilla bis Santiago.<\/p>\n<h3>Beste Reisezeit<\/h3>\n<p>Fr\u00fchling (M\u00e4rz\u2013Mai) und Herbst (September\u2013Oktober).<\/p>\n<h3>Schwierigkeitsgrad<\/h3>\n<p>Hoch aufgrund von Distanz, extremer Hitze im S\u00fcden und begrenzter Dienstleistungsinfrastruktur.<\/p>\n<h3>Infrastruktur<\/h3>\n<ul>\n<li>Begrenztes Herbergennetz, weiter auseinanderliegend als auf anderen Routen<\/li>\n<li>Sp\u00e4rliche Dienstleistungen auf manchen Landabschnitten<\/li>\n<li>Variable Beschilderung, besser im Norden<\/li>\n<li>Hohe Eigenst\u00e4ndigkeit erforderlich, besonders in der Extremadura<\/li>\n<\/ul>\n<hr>\n<h2>Vorbereitung des Pilgers<\/h2>\n<ul>\n<li>Gute k\u00f6rperliche Vorbereitung im Vorfeld<\/li>\n<li>Detaillierte logistische Planung von Herbergen und Dienstleistungen<\/li>\n<li>Wassermanagement: Brunnen k\u00f6nnen auf manchen Abschnitten sehr weit auseinanderliegen<\/li>\n<li>Intensiver Sonnenschutz, besonders im Sommer<\/li>\n<li>Technische Ausr\u00fcstung geeignet f\u00fcr die Hitze<\/li>\n<li>Orientierungsf\u00e4higkeit auf wenig markierten Abschnitten<\/li>\n<\/ul>\n<hr>\n<h2>F\u00fcr wen ist die V\u00eda de la Plata ideal?<\/h2>\n<ul>\n<li>Erfahrene Pilger mit bereits absolvierten Caminos<\/li>\n<li>Suchende nach Einsamkeit, Stille und weiten offenen R\u00e4umen<\/li>\n<li>Liebhaber antiker Geschichte und r\u00f6mischer Arch\u00e4ologie<\/li>\n<li>Spirituelle Pilger auf der Suche nach einem tiefen, transformativen Erlebnis<\/li>\n<li>Radpilger auf der Suche nach der besten jakobinischen Radroute<\/li>\n<li>Personen auf der Suche nach Authentizit\u00e4t, abseits von Menschenmassen<\/li>\n<\/ul>\n<hr>\n<h2>Vorteile der V\u00eda de la Plata<\/h2>\n<ul>\n<li>Die l\u00e4ngste und historischste Camino de Santiago-Route<\/li>\n<li>Die einzige Route, die einer originalen R\u00f6merstra\u00dfe folgt<\/li>\n<li>Tief spirituelles und authentisches Erlebnis<\/li>\n<li>Geringe \u00dcberf\u00fcllung \u2014 keine Warteschlangen an Herbergen<\/li>\n<li>Unvergleichliches r\u00f6misches und mittelalterliches Erbe: M\u00e9rida, C\u00e1ceres, Salamanca, Zamora<\/li>\n<li>Wilde Natur: Extremadura-Dehesas, kastilische Ebenen<\/li>\n<li>Die beste Camino de Santiago-Route f\u00fcr Radfahrer<\/li>\n<\/ul>\n<hr>\n<h2>Die V\u00eda de la Plata im Camino de Santiago<\/h2>\n<p>Die V\u00eda de la Plata ist die <strong>S\u00fcd-Nord-Achse des jakobinischen Systems<\/strong>. Sie stellt die urspr\u00fcnglichste, h\u00e4rteste und authentischste Camino de Santiago-Route dar und gilt f\u00fcr viele Pilger als die reinste Form der jakobinischen Pilgererfahrung. Ihre Verbindung mit dem <a href=\"https:\/\/www.peregrino.online\/de\/camino-sanabres\/\">Sanabr\u00e9s Weg<\/a> ab Granja de Moreruela macht sie au\u00dferdem zu einer Route mit mehreren Abschlussoptionen, anpassbar an verschiedene Pilgerprofile und verf\u00fcgbare Zeit.<\/p>\n<hr>\n<h2>Die V\u00eda de la Plata in Bildern<\/h2>\n<div class=\"camino-galeria\">\n<figure><img decoding=\"async\" src=\"https:\/\/peregrino.online\/camino-de-santiago\/via-de-la-plata\/fotos\/1\/fotos\/sevillaguillena6Km%203,2.jpg\" alt=\"Guadalquivir am Beginn der V\u00eda de la Plata in Sevilla\"><figcaption>Guadalquivir am Beginn der V\u00eda de la Plata in Sevilla<\/figcaption><\/figure>\n<figure><img decoding=\"async\" src=\"https:\/\/peregrino.online\/camino-de-santiago\/via-de-la-plata\/fotos\/10\/small\/6Km14,5.jpg\" alt=\"R\u00f6misches M\u00e9rida auf der V\u00eda de la Plata, R\u00f6merstra\u00dfe Ab Emerita Asturicam\"><figcaption>R\u00f6misches M\u00e9rida \u2013 Herz der R\u00f6merstra\u00dfe<\/figcaption><\/figure>\n<figure><img decoding=\"async\" src=\"https:\/\/peregrino.online\/camino-de-santiago\/via-de-la-plata\/fotos\/14\/small\/5Km13,1.jpg\" alt=\"Stierkampfarena von C\u00e1ceres auf der V\u00eda de la Plata\"><figcaption>Stierkampfarena von C\u00e1ceres<\/figcaption><\/figure>\n<figure><img decoding=\"async\" src=\"https:\/\/peregrino.online\/camino-de-santiago\/via-de-la-plata\/fotos\/11\/small\/9Km12,4.jpg\" alt=\"Pilger in den Dehesas der Extremadura auf der V\u00eda de la Plata\"><figcaption>Pilger in den Dehesas der Extremadura<\/figcaption><\/figure>\n<figure><img decoding=\"async\" src=\"https:\/\/peregrino.online\/camino-de-santiago\/via-de-la-plata\/fotos\/23\/small\/11km17,5.jpg\" alt=\"Kreuz am Eingang von Salamanca auf der V\u00eda de la Plata\"><figcaption>Kreuz am Eingang von Salamanca<\/figcaption><\/figure>\n<figure><img decoding=\"async\" src=\"https:\/\/peregrino.online\/camino-de-santiago\/via-de-la-plata\/fotos\/27\/small\/5Km16,3.jpg\" alt=\"Zamora im Hintergrund auf der V\u00eda de la Plata\"><figcaption>Zamora im Hintergrund<\/figcaption><\/figure>\n<figure><img decoding=\"async\" src=\"https:\/\/peregrino.online\/camino-de-santiago\/via-de-la-plata\/fotos\/5\/small\/El%20Real%20de%20la%20Jara%20-%20Monesterio%203%20Km%201.jpg\" alt=\"Eintritt in die Extremadura aus der Provinz Sevilla auf der V\u00eda de la Plata\"><figcaption>Eintritt in die Extremadura aus der Provinz Sevilla<\/figcaption><\/figure>\n<figure><img decoding=\"async\" src=\"https:\/\/peregrino.online\/camino-de-santiago\/via-de-la-plata\/fotos\/7\/small\/5Km10,2.jpg\" alt=\"Pilger in der N\u00e4he von Zafra auf der V\u00eda de la Plata\"><figcaption>Pilger in der N\u00e4he von Zafra<\/figcaption><\/figure>\n<figure><img decoding=\"async\" src=\"https:\/\/peregrino.online\/camino-de-santiago\/via-de-la-plata\/fotos\/8\/small\/7Km7,7.jpg\" alt=\"Ein hei\u00dfer Tag auf der V\u00eda de la Plata\"><figcaption>Ein hei\u00dfer Tag auf der V\u00eda de la Plata<\/figcaption><\/figure>\n<figure><img decoding=\"async\" src=\"https:\/\/peregrino.online\/camino-de-santiago\/via-de-la-plata\/fotos\/32\/small\/verde2.jpg\" alt=\"Gr\u00fcner Weg bei Benavente auf der V\u00eda de la Plata\"><figcaption>Gr\u00fcner Weg bei Benavente<\/figcaption><\/figure>\n<\/div>\n<\/section>\n<\/div>\n<\/div><\/div><\/div><\/div><\/div>","protected":false},"excerpt":{"rendered":"<p>&nbsp; V\u00eda de la Plata \u2013 Vollst\u00e4ndiger Leitfaden, Etappen, Distanzen und Planung Etappen der V\u00eda de la Plata &nbsp; 1.Sevilla-Guillena &nbsp; 2.Guillena-Castilblanco &nbsp; 3.Castilblanco-Almaden<\/p>\n","protected":false},"author":1,"featured_media":0,"parent":0,"menu_order":0,"comment_status":"closed","ping_status":"closed","template":"","meta":{"footnotes":""},"class_list":["post-14735","page","type-page","status-publish"],"_links":{"self":[{"href":"https:\/\/www.peregrino.online\/de\/wp-json\/wp\/v2\/pages\/14735","targetHints":{"allow":["GET"]}}],"collection":[{"href":"https:\/\/www.peregrino.online\/de\/wp-json\/wp\/v2\/pages"}],"about":[{"href":"https:\/\/www.peregrino.online\/de\/wp-json\/wp\/v2\/types\/page"}],"author":[{"embeddable":true,"href":"https:\/\/www.peregrino.online\/de\/wp-json\/wp\/v2\/users\/1"}],"replies":[{"embeddable":true,"href":"https:\/\/www.peregrino.online\/de\/wp-json\/wp\/v2\/comments?post=14735"}],"version-history":[{"count":3,"href":"https:\/\/www.peregrino.online\/de\/wp-json\/wp\/v2\/pages\/14735\/revisions"}],"predecessor-version":[{"id":44802,"href":"https:\/\/www.peregrino.online\/de\/wp-json\/wp\/v2\/pages\/14735\/revisions\/44802"}],"wp:attachment":[{"href":"https:\/\/www.peregrino.online\/de\/wp-json\/wp\/v2\/media?parent=14735"}],"curies":[{"name":"wp","href":"https:\/\/api.w.org\/{rel}","templated":true}]}}